{"id":597,"date":"2013-01-28T11:12:32","date_gmt":"2013-01-28T11:12:32","guid":{"rendered":"http:\/\/www.jetztzeichensetzen.at\/?page_id=597"},"modified":"2013-01-28T11:15:24","modified_gmt":"2013-01-28T11:15:24","slug":"gedenkveranstaltung-27-janner-2013","status":"publish","type":"page","link":"http:\/\/www.jetztzeichensetzen.at\/?page_id=597","title":{"rendered":"Gedenkveranstaltung 27. J\u00e4nner 2013"},"content":{"rendered":"<p align=\"center\"><strong>GEDENKVERANSTALTUNG <\/strong><strong>27. J\u00e4nner 2013 <\/strong><\/p>\n<p><strong>Gro\u00dfe Gedenkveranstaltung des B\u00fcndnis &#8222;Jetzt Zeichen setzen&#8220; am Heldenplatz<\/strong><\/p>\n<p>WANN: <strong>27. J\u00e4nner 2013, +++ 17.00 Uhr +++ <\/strong><br \/>\nWO: <strong> Wien, Heldenplatz (Innenseite des \u00e4u\u00dferen Burgtors vor dem Weiheraum)<\/strong><\/p>\n<p> Am 27. J\u00e4nner 2013 j\u00e4hrt sich zum 68. Mal die Befreiuung des Konzentrations- und Vernichtungslagers Auschwitz-Birkenau. &#8220;<br \/>\nDer Internationale Holocaust-Gedenktag der UNO ist Anlass f\u00fcr die so wichtige Erinnerung an die Opfer des Nationalsozialismus. Der 27. J\u00e4nner soll aber auch Veranlassung dazu sein, aktiv gegen Rassismus, Antisemitismus und Rechtsextremismus in \u00d6sterreich und Europa aufzutreten.<\/p>\n<p> &#8222;Dass es dazu genug Anlass gibt, zeigt uns der wieder in der Hofburg stattfindenden rechtsextreme Akademikerball, der die klare personelle wie inhaltliche Fortf\u00fchrung des WKR-Balls darstellt. Es darf nicht m\u00f6glich sein, dass Gr\u00f6\u00dfen aus der \u00f6sterreichischen und europ\u00e4ischen Rechten gemeinsam mit HolocaustleugnerInnen in der Hofburg zusammentreffen. Dieser Ball ist ein widerliches Vernetzungstreffen der Rechtsextremen&#8220;, kritisiert die Initiative &#8222;Jetzt Zeichen setzen&#8220; das Vorgehen von Hofburg Gesch\u00e4ftsf\u00fchrerin Danler und den Hofburg-Gesellschaftern (u.a. das Hotel Sacher und Intercontinental) und fordert die Absage des Balls.<\/p>\n<p><strong>Programm f\u00fcr die &#8222;Jetzt Zeichen setzen&#8220; Gedenkkundgebung:<\/strong><\/p>\n<p>RednerInnen:<br \/>\n&#8211; K\u00e4the Sasso (Widerstandsk\u00e4mpferin, KZ-\u00dcberlebende)<br \/>\n&#8211; Renate Brauner (SP\u00d6, Vizeb\u00fcrgermeisterin Wien) <br \/>\n&#8211; VertreterIn der \u00d6VP (angefragt)<br \/>\n&#8211; Maria Vassilakou (Gr\u00fcne, Vizeb\u00fcrgermeisterin Wien)<br \/> <br \/>\n&#8211; Helmut Nausner (evangelisch-methodistische Kirche, Superintendent)<br \/>\n&#8211; Oskar Deutsch (israelitische Kultusgemeinde, Oskar Deutsch)<br \/> <br \/>\n&#8211; Rodaina El Batnigi (Bundesjugendvertreterin, Sprecherin)<br \/>\n&#8211; Willi Mernyi (Mauthausen Komitee \u00d6sterreich, Vorsitzender)<br \/>\n&#8211; Schlomo Hofmeister (Gemeinderabbiner Wien)<\/p>\n<p> Moderation: Katharina Stemberger<br \/>\nMusikalische Umrahmung: Ensemble Scholem Alejchem, Mag. Isaac Loberan + Ensemble<br \/>\nDie gesamte Veranstaltung wird in Geb\u00e4rdensprache \u00fcbersetzt. <\/p>\n<p> <strong>Wir wollen ein deutliches Zeichen gegen Rassismus, Antisemitismus und Rechtsextremismus in unserer heutigen Gesellschaft setzen! Wir sagen: Kein Salon f\u00fcr die extreme Rechte!<\/strong><\/p>\n","protected":false},"excerpt":{"rendered":"<p>GEDENKVERANSTALTUNG 27. J\u00e4nner 2013 Gro\u00dfe Gedenkveranstaltung des B\u00fcndnis \u201eJetzt Zeichen setzen\u201c am Heldenplatz WANN: 27. J\u00e4nner 2013, +++ 17.00 Uhr +++ WO: Wien, Heldenplatz (Innenseite des \u00e4u\u00dferen Burgtors vor dem Weiheraum) Am 27. J\u00e4nner 2013 j\u00e4hrt sich zum 68. Mal die Befreiuung des Konzentrations- und Vernichtungslagers Auschwitz-Birkenau. \u201c Der Internationale Holocaust-Gedenktag der UNO ist Anlass [\u2026]<\/p>\n","protected":false},"author":1,"featured_media":0,"parent":5,"menu_order":0,"comment_status":"closed","ping_status":"closed","template":"","meta":[],"_links":{"self":[{"href":"http:\/\/www.jetztzeichensetzen.at\/index.php?rest_route=\/wp\/v2\/pages\/597"}],"collection":[{"href":"http:\/\/www.jetztzeichensetzen.at\/index.php?rest_route=\/wp\/v2\/pages"}],"about":[{"href":"http:\/\/www.jetztzeichensetzen.at\/index.php?rest_route=\/wp\/v2\/types\/page"}],"author":[{"embeddable":true,"href":"http:\/\/www.jetztzeichensetzen.at\/index.php?rest_route=\/wp\/v2\/users\/1"}],"replies":[{"embeddable":true,"href":"http:\/\/www.jetztzeichensetzen.at\/index.php?rest_route=%2Fwp%2Fv2%2Fcomments&post=597"}],"version-history":[{"count":2,"href":"http:\/\/www.jetztzeichensetzen.at\/index.php?rest_route=\/wp\/v2\/pages\/597\/revisions"}],"predecessor-version":[{"id":603,"href":"http:\/\/www.jetztzeichensetzen.at\/index.php?rest_route=\/wp\/v2\/pages\/597\/revisions\/603"}],"up":[{"embeddable":true,"href":"http:\/\/www.jetztzeichensetzen.at\/index.php?rest_route=\/wp\/v2\/pages\/5"}],"wp:attachment":[{"href":"http:\/\/www.jetztzeichensetzen.at\/index.php?rest_route=%2Fwp%2Fv2%2Fmedia&parent=597"}],"curies":[{"name":"wp","href":"https:\/\/api.w.org\/{rel}","templated":true}]}}