{"id":634,"date":"2013-04-11T09:45:47","date_gmt":"2013-04-11T09:45:47","guid":{"rendered":"http:\/\/www.jetztzeichensetzen.at\/?page_id=634"},"modified":"2013-12-30T12:12:43","modified_gmt":"2013-12-30T12:12:43","slug":"nimm-dir-frei-am-8-mai","status":"publish","type":"page","link":"http:\/\/www.jetztzeichensetzen.at\/?page_id=634","title":{"rendered":"Nimm Dir frei, am 8. Mai!"},"content":{"rendered":"<p align=\"center\"><strong>Machen<\/strong><strong> wir<\/strong><strong> den<\/strong><strong> Tag<\/strong><strong> der<\/strong><strong> Befreiung<\/strong><strong> zum<\/strong><strong> freien<\/strong><strong> Tag<\/strong><strong><\/p>\n<p>und<\/strong><strong> zum<\/strong><strong> ersten<\/strong><strong> echten<\/strong><strong> Demokratiefeiertag<\/strong><strong> in<\/strong><strong> \u00d6sterreich!<\/strong><\/p>\n<p>&nbsp;<br \/>\n1945 haben die alliierten Armeen die Konzentrations- und Vernichtungslager befreit, die nationalsozialistische Machtherrschaft zerschlagen und damit die Gr\u00fcndung der freien, demokratischen Republik \u00d6sterreich erm\u00f6glicht!<br \/>\nDennoch war \u00d6sterreich auch noch nach 1945 ein von NationalsozialistInnen durchsetztes Land. In vielen Funktionen hatten sie sich wieder etabliert. Viele hatten und einige haben noch immer Schwierigkeiten damit, die Niederlage der Nazis als unser aller gesellschaftlichen Sieg anzuerkennen. Ewiggestrige hielten am 8. Mai am Wiener Heldenplatz immer wieder ihr \u201eHeldengedenken\u201c ab und betrauerten den \u201everlorenen Krieg\u201c. Inzwischen hat sich jedoch eine neue Feier- und Gedenkkultur und ein neues Bewusstsein entwickelt: Wir feiern den 8. Mai als Tag der endg\u00fcltigen Niederlage der Nazis und als Tag der Befreiung \u00d6sterreichs! Wir feiern, dass mit diesem Tag der Weg f\u00fcr die Demokratisierung \u00d6sterreichs geebnet wurde!<br \/>\nDamit wir uns gemeinsam freuen, gemeinsam entspannen, gemeinsam feiern k\u00f6nnen, machen wir den 8. Mai 2013 erstmal zum freien Tag: Nehmen Sie sich frei und feiern Sie mit uns die Niederlage des Nationalsozialismus und den Beginn der 2. Republik \u00d6sterreichs!<br \/>\nWir werden durch verschiedene Aktionen und Veranstaltungen auf der Strasse auch Gelegenheit geben diesen Tag inhaltlich sinnvoll zu nutzen.<br \/>\nDen Abschluss bildet das gro\u00dfe Konzert der Wiener Symphoniker am Wiener Heldenplatz!<\/p>\n","protected":false},"excerpt":{"rendered":"<p>Machen wir den Tag der Befreiung zum freien Tag und zum ersten echten Demokratiefeiertag in \u00d6sterreich! \u00a0 1945 haben die alliierten Armeen die Konzentrations- und Vernichtungslager befreit, die nationalsozialistische Machtherrschaft zerschlagen und damit die Gr\u00fcndung der freien, demokratischen Republik \u00d6sterreich erm\u00f6glicht! Dennoch war \u00d6sterreich auch noch nach 1945 ein von NationalsozialistInnen durchsetztes Land. In vielen [\u2026]<\/p>\n","protected":false},"author":1,"featured_media":0,"parent":222,"menu_order":1,"comment_status":"closed","ping_status":"closed","template":"","meta":[],"_links":{"self":[{"href":"http:\/\/www.jetztzeichensetzen.at\/index.php?rest_route=\/wp\/v2\/pages\/634"}],"collection":[{"href":"http:\/\/www.jetztzeichensetzen.at\/index.php?rest_route=\/wp\/v2\/pages"}],"about":[{"href":"http:\/\/www.jetztzeichensetzen.at\/index.php?rest_route=\/wp\/v2\/types\/page"}],"author":[{"embeddable":true,"href":"http:\/\/www.jetztzeichensetzen.at\/index.php?rest_route=\/wp\/v2\/users\/1"}],"replies":[{"embeddable":true,"href":"http:\/\/www.jetztzeichensetzen.at\/index.php?rest_route=%2Fwp%2Fv2%2Fcomments&post=634"}],"version-history":[{"count":16,"href":"http:\/\/www.jetztzeichensetzen.at\/index.php?rest_route=\/wp\/v2\/pages\/634\/revisions"}],"predecessor-version":[{"id":717,"href":"http:\/\/www.jetztzeichensetzen.at\/index.php?rest_route=\/wp\/v2\/pages\/634\/revisions\/717"}],"up":[{"embeddable":true,"href":"http:\/\/www.jetztzeichensetzen.at\/index.php?rest_route=\/wp\/v2\/pages\/222"}],"wp:attachment":[{"href":"http:\/\/www.jetztzeichensetzen.at\/index.php?rest_route=%2Fwp%2Fv2%2Fmedia&parent=634"}],"curies":[{"name":"wp","href":"https:\/\/api.w.org\/{rel}","templated":true}]}}